{"id":15949,"date":"2019-09-18T10:41:07","date_gmt":"2019-09-18T08:41:07","guid":{"rendered":"http:\/\/sp22.edu.pl\/?page_id=15949"},"modified":"2020-07-23T10:54:36","modified_gmt":"2020-07-23T08:54:36","slug":"2019-2020","status":"publish","type":"page","link":"https:\/\/sp22.edu.pl\/?page_id=15949","title":{"rendered":"2019\/2020"},"content":{"rendered":"\n<p>Rozpocz\u0119cie roku<\/p>\n\n\n\nngg_shortcode_0_placeholder\n<p>Dyskoteka Dzie\u0144 Ch\u0142opca<\/p>\n\n\n\nngg_shortcode_1_placeholder\n<p>Pasowanie Pierwszoklasist\u00f3w<\/p>\n\n\n\nngg_shortcode_2_placeholder\n<p>Jesie\u0144<\/p>\n\n\n\nngg_shortcode_3_placeholder\n<p>Dzie\u0144 J\u0119zyk\u00f3w Obcych<\/p>\n\n\n\nngg_shortcode_4_placeholder\n\n\n\n<p>Pasowanie uczni\u00f3w kl. 4 i 7<\/p>\n\n\n\nngg_shortcode_5_placeholder\n\n\n\n<p>Dzie\u0144 Edukacji Narodowej<\/p>\n\n\n\nngg_shortcode_6_placeholder\n\n\n\n<p>Dzie\u0144 misyjny<\/p>\n\n\n\nngg_shortcode_7_placeholder\n\n\n\n<p>Jesienny kiermasz ciast<\/p>\n\n\n\nngg_shortcode_8_placeholder\n\n\n\n<p>Dzie\u0144 Postaci  z Bajek<\/p>\n\n\n\nngg_shortcode_9_placeholder\n\n\n\nngg_shortcode_10_placeholder\n\n\n\n<p>Narodowe \u015awi\u0119to Niepodleg\u0142o\u015bci<\/p>\n\n\n\nngg_shortcode_11_placeholder\n\n\n\n<p>Wycieczka kl. 7 i 8 do Krakowa<\/p>\n\n\n\nngg_shortcode_12_placeholder\n\n\n\n<p>Urodziny Misia <\/p>\n\n\n\nngg_shortcode_13_placeholder\n\n\n\n<p>Wernisa\u017c<\/p>\n\n\n\nngg_shortcode_14_placeholder\n\n\n\n<p>Andrzejki 2019 w Mateczniku<\/p>\n\n\n\nngg_shortcode_15_placeholder\n\n\n\n<p>Dekorowanie piernik\u00f3w w 6a<\/p>\n\n\n\nngg_shortcode_16_placeholder\n\n\n\n<p>Jase\u0142ka integracyjne<\/p>\n\n\n\nngg_shortcode_17_placeholder\n\n\n\n<p>Jase\u0142ka 2019<\/p>\n\n\n\nngg_shortcode_18_placeholder\n\n\n\n<p>I Ty mo\u017cesz zosta\u0107 \u015awi\u0119tym Miko\u0142ajem<\/p>\n\n\n\nngg_shortcode_19_placeholder\n\n\n\n<p>Z wizyt\u0105 w szkole \u015aw. \u0141ukasza<\/p>\n\n\n\nngg_shortcode_20_placeholder\n\n\n\n<p>\u015awi\u0119to Patrona &#8211; XII 2019<\/p>\n\n\n\nngg_shortcode_21_placeholder\n\n\n\n<p>Pasowanie na czytelnika<\/p>\n\n\n\nngg_shortcode_22_placeholder\n\n\n\n<p>Wycieczka &#8211; Wiejska Chata<\/p>\n\n\n\nngg_shortcode_23_placeholder\n\n\n\n<p>Wizyta w Rodzinnym Domu Dziecka &#8211; XII 2019<\/p>\n\n\n\nngg_shortcode_24_placeholder\n\n\n\n<p>Wizyta w Filharmonii<\/p>\n\n\n\nngg_shortcode_25_placeholder\n\n\n\n<p> X jubileuszowa edycji konkursu recytatorskiego &#8222;Dni \u015alonski Godki&#8221;<\/p>\n\n\n\nngg_shortcode_26_placeholder\n\n\n\n<p>Apel &#8211; podsumowanie 1 semestru roku szkolnego 2019\/2020<\/p>\n\n\n\nngg_shortcode_27_placeholder\n\n\n\nngg_shortcode_28_placeholder\n\n\n\n<p>NIETYPOWE ZAKO\u0143CZENIE ROKU SZKOLNEGO 2019\/2020<\/p>\n\n\n\nngg_shortcode_29_placeholder\n","protected":false},"excerpt":{"rendered":"<p>Rozpocz\u0119cie roku Pasowanie uczni\u00f3w kl. 4 i 7 Dzie\u0144 Edukacji Narodowej Dzie\u0144 misyjny Jesienny kiermasz ciast Dzie\u0144 Postaci z Bajek Narodowe \u015awi\u0119to Niepodleg\u0142o\u015bci Wycieczka kl. 7 i 8 do Krakowa Urodziny Misia Wernisa\u017c Andrzejki 2019 w Mateczniku Dekorowanie piernik\u00f3w w 6a Jase\u0142ka integracyjne Jase\u0142ka 2019 I Ty mo\u017cesz zosta\u0107 \u015awi\u0119tym Miko\u0142ajem Z wizyt\u0105 w szkole [&hellip;]<\/p>\n","protected":false},"author":14,"featured_media":0,"parent":324,"menu_order":0,"comment_status":"closed","ping_status":"closed","template":"","meta":{"ngg_post_thumbnail":0,"footnotes":""},"class_list":["post-15949","page","type-page","status-publish","hentry"],"_links":{"self":[{"href":"https:\/\/sp22.edu.pl\/index.php?rest_route=\/wp\/v2\/pages\/15949"}],"collection":[{"href":"https:\/\/sp22.edu.pl\/index.php?rest_route=\/wp\/v2\/pages"}],"about":[{"href":"https:\/\/sp22.edu.pl\/index.php?rest_route=\/wp\/v2\/types\/page"}],"author":[{"embeddable":true,"href":"https:\/\/sp22.edu.pl\/index.php?rest_route=\/wp\/v2\/users\/14"}],"replies":[{"embeddable":true,"href":"https:\/\/sp22.edu.pl\/index.php?rest_route=%2Fwp%2Fv2%2Fcomments&post=15949"}],"version-history":[{"count":11,"href":"https:\/\/sp22.edu.pl\/index.php?rest_route=\/wp\/v2\/pages\/15949\/revisions"}],"predecessor-version":[{"id":18154,"href":"https:\/\/sp22.edu.pl\/index.php?rest_route=\/wp\/v2\/pages\/15949\/revisions\/18154"}],"up":[{"embeddable":true,"href":"https:\/\/sp22.edu.pl\/index.php?rest_route=\/wp\/v2\/pages\/324"}],"wp:attachment":[{"href":"https:\/\/sp22.edu.pl\/index.php?rest_route=%2Fwp%2Fv2%2Fmedia&parent=15949"}],"curies":[{"name":"wp","href":"https:\/\/api.w.org\/{rel}","templated":true}]}}