{"id":25126,"date":"2025-10-30T11:57:03","date_gmt":"2025-10-30T10:57:03","guid":{"rendered":"https:\/\/sp22.edu.pl\/?page_id=25126"},"modified":"2026-03-05T12:47:24","modified_gmt":"2026-03-05T11:47:24","slug":"edukacyjna-rewolucja-w-rudzie-slaskiej","status":"publish","type":"page","link":"https:\/\/sp22.edu.pl\/?page_id=25126","title":{"rendered":"Edukacyjna Rewolucja w Rudzie \u015al\u0105skiej\u00a0"},"content":{"rendered":"\n<p><\/p>\n\n\n\n<div data-wp-interactive=\"core\/file\" class=\"wp-block-file\"><object data-wp-bind--hidden=\"!state.hasPdfPreview\"  class=\"wp-block-file__embed\" data=\"https:\/\/sp22.edu.pl\/wp-content\/uploads\/2025\/10\/Informacje-na-strone.pdf\" type=\"application\/pdf\" style=\"width:100%;height:600px\" aria-label=\"Osadzone z Informacje na strone.\"><\/object><a id=\"wp-block-file--media-7be13313-4302-468d-8cff-7b7044c94112\" href=\"https:\/\/sp22.edu.pl\/wp-content\/uploads\/2025\/10\/Informacje-na-strone.pdf\">Informacje na strone<\/a><a href=\"https:\/\/sp22.edu.pl\/wp-content\/uploads\/2025\/10\/Informacje-na-strone.pdf\" class=\"wp-block-file__button wp-element-button\" download aria-describedby=\"wp-block-file--media-7be13313-4302-468d-8cff-7b7044c94112\">Pobierz<\/a><\/div>\n\n\n\n<div data-wp-interactive=\"core\/file\" class=\"wp-block-file\"><object data-wp-bind--hidden=\"!state.hasPdfPreview\"  class=\"wp-block-file__embed\" data=\"https:\/\/sp22.edu.pl\/wp-content\/uploads\/2025\/10\/Regulamin-rekrutacji-i-uczestnictwa-w-projekcie.pdf\" type=\"application\/pdf\" style=\"width:100%;height:600px\" aria-label=\"Osadzone z Regulamin rekrutacji i uczestnictwa w projekcie.\"><\/object><a id=\"wp-block-file--media-78fd1d97-ad30-4597-80f4-3e87d3b8de80\" href=\"https:\/\/sp22.edu.pl\/wp-content\/uploads\/2025\/10\/Regulamin-rekrutacji-i-uczestnictwa-w-projekcie.pdf\">Regulamin rekrutacji i uczestnictwa w projekcie<\/a><a href=\"https:\/\/sp22.edu.pl\/wp-content\/uploads\/2025\/10\/Regulamin-rekrutacji-i-uczestnictwa-w-projekcie.pdf\" class=\"wp-block-file__button wp-element-button\" download aria-describedby=\"wp-block-file--media-78fd1d97-ad30-4597-80f4-3e87d3b8de80\">Pobierz<\/a><\/div>\n\n\n\n<p><strong><a href=\"https:\/\/sp22.edu.pl\/2025.2026\/RewolucjaEdukacyjna\/Cz%C4%99%C5%9B%C4%87%203.docx\" data-type=\"link\" data-id=\"https:\/\/sp22.edu.pl\/2025.2026\/RewolucjaEdukacyjna\/Cz%C4%99%C5%9B%C4%87%203.docx\">FORMULARZ ZG\u0141OSZENIOWY OS\u00d3B FIZYCZNYCH<\/a><\/strong><\/p>\n\n\n\n<p><strong><a href=\"https:\/\/sp22.edu.pl\/2025.2026\/RewolucjaEdukacyjna\/Cz%C4%99%C5%9B%C4%87%204.docx\">Klauzula informacyjna RODO Lidera Projektu<\/a><\/strong><\/p>\n\n\n\n<p><strong><a href=\"https:\/\/sp22.edu.pl\/2025.2026\/RewolucjaEdukacyjna\/Cz%C4%99%C5%9B%C4%87%205.docx\">Klauzula informacyjna RODO Rudzkiej Agencji Rozwoju \u201eINWESTOR\u201d sp. z o.o.<\/a><\/strong><\/p>\n\n\n\n<p><a href=\"https:\/\/sp22.edu.pl\/2025.2026\/RewolucjaEdukacyjna\/Cz%C4%99%C5%9B%C4%87%206.docx\"><strong>Formularz klauzuli informacyjnej:<\/strong> <strong>Informacje dotycz\u0105ce przetwarzania danych osobowych dla uczestnik\u00f3w projekt\u00f3w<\/strong><\/a><\/p>\n\n\n\n<p><strong><a href=\"https:\/\/sp22.edu.pl\/2025.2026\/RewolucjaEdukacyjna\/Cz%C4%99%C5%9B%C4%87%207.docx\">REZYGNACJA Z UCZESTNICTWA W PROJEKCIE<\/a><\/strong><\/p>\n\n\n\n<p><strong><a href=\"https:\/\/sp22.edu.pl\/2025.2026\/RewolucjaEdukacyjna\/Cz%C4%99%C5%9B%C4%87%208.docx\">PRO\u015aBA O PRZYWR\u00d3CENIE DO PROJEKTU<\/a><\/strong><\/p>\n\n\n\n<p><strong><a href=\"https:\/\/sp22.edu.pl\/2025.2026\/RewolucjaEdukacyjna\/Cz%C4%99%C5%9B%C4%87%209.docx\">UMOWA Z NAUCZYCIELEM\/NAUCZYCIELK\u0104<\/a><\/strong><\/p>\n\n\n\n<p><strong><a href=\"https:\/\/sp22.edu.pl\/2025.2026\/RewolucjaEdukacyjna\/Cz%C4%99%C5%9B%C4%87%2010.docx\">O\u015aWIADCZENIE RODZICA\/ OPIEKUNA PRAWNEGO UCZNIA<\/a><\/strong><\/p>\n\n\n\n<p><\/p>\n\n\n\n<figure class=\"wp-block-image size-large\"><img loading=\"lazy\" decoding=\"async\" width=\"1024\" height=\"141\" src=\"https:\/\/sp22.edu.pl\/wp-content\/uploads\/2026\/03\/image-1-1024x141.png\" alt=\"\" class=\"wp-image-25650\" srcset=\"https:\/\/sp22.edu.pl\/wp-content\/uploads\/2026\/03\/image-1-1024x141.png 1024w, https:\/\/sp22.edu.pl\/wp-content\/uploads\/2026\/03\/image-1-300x41.png 300w, https:\/\/sp22.edu.pl\/wp-content\/uploads\/2026\/03\/image-1-768x106.png 768w, https:\/\/sp22.edu.pl\/wp-content\/uploads\/2026\/03\/image-1-1536x212.png 1536w, https:\/\/sp22.edu.pl\/wp-content\/uploads\/2026\/03\/image-1.png 1545w\" sizes=\"(max-width: 1024px) 100vw, 1024px\" \/><\/figure>\n\n\n\n<p>Informujemy, \u017ce nasza szko\u0142a od 11.2025 r. realizuje projekt unijny <strong>\u201eEdukacyjna Rewolucja w Rudzie \u015al\u0105skiej\u201d na lata 2025\u20132027<\/strong>, kt\u00f3rego celem jest wsparcie uczni\u00f3w poprzez organizacj\u0119 zaj\u0119\u0107 rozwijaj\u0105cych, wyr\u00f3wnawczych oraz specjalistycznych.<\/p>\n\n\n\n<p>W ramach projektu w szkole prowadzone s\u0105 nast\u0119puj\u0105ce formy wsparcia dla uczni\u00f3w:<\/p>\n\n\n\n<ul class=\"wp-block-list\">\n<li><strong>zaj\u0119cia dydaktyczno-wyr\u00f3wnawcze<\/strong> dla uczni\u00f3w klas <strong>I\u2013III oraz IV\u2013VIII<\/strong>,<\/li>\n\n\n\n<li><strong>zaj\u0119cia rozwijaj\u0105ce zainteresowania ekologiczne<\/strong> &#8211; klasy IV-VIII \u2013 <em>Szkolny Klub Ekologiczny<\/em>,<\/li>\n\n\n\n<li><strong>zaj\u0119cia rozwijaj\u0105ce zainteresowania matematyczne<\/strong> &#8211; klasy IV-VIII \u2013 <em>k\u00f3\u0142ko matematyczne<\/em>,<\/li>\n\n\n\n<li><strong>zaj\u0119cia rozwijaj\u0105ce kompetencje osobiste<\/strong> \u2013 <em>Szkolny Klub Ch\u00f3ru<\/em> &#8211;  klasy IV-VIII,<\/li>\n\n\n\n<li><strong>program profilaktyczny \u201eApteczka pierwszej pomocy emocjonalnej\u201d<\/strong> &#8211; <br>klasy IV-VIII,<\/li>\n\n\n\n<li><strong>warsztaty z zakresu kszta\u0142towania pozytywnych postaw<\/strong>,<\/li>\n\n\n\n<li><strong>zaj\u0119cia rozwijaj\u0105ce zainteresowania informatyczne<\/strong> \u2013 <em>k\u00f3\u0142ko informatyczne<\/em> &#8211; klasy IV-VIII,<\/li>\n\n\n\n<li><strong>zaj\u0119cia rozwijaj\u0105ce zainteresowania humanistyczne<\/strong> \u2013 <em>k\u00f3\u0142ko kinematograficzne<\/em> &#8211;  klasy IV-VIII,<\/li>\n\n\n\n<li><strong>Trening pami\u0119ci<\/strong> \u2013 klasy III-V &#8211; zaj\u0119cia rozwijaj\u0105ce kompetencje osobiste.<\/li>\n<\/ul>\n\n\n\n<p>Zaj\u0119cia odbywaj\u0105 si\u0119 na terenie szko\u0142y i maj\u0105 na celu wspieranie wszechstronnego rozwoju uczni\u00f3w, wyr\u00f3wnywanie szans edukacyjnych oraz rozwijanie ich zainteresowa\u0144 i umiej\u0119tno\u015bci.<\/p>\n\n\n\n<p>Udzia\u0142 w zaj\u0119ciach jest elementem realizacji projektu i stanowi dodatkowe wsparcie w procesie edukacyjnym uczni\u00f3w.<\/p>\n\n\n\n<p><\/p>\n\n\n\n<figure class=\"wp-block-image size-large\"><img loading=\"lazy\" decoding=\"async\" width=\"1024\" height=\"141\" src=\"https:\/\/sp22.edu.pl\/wp-content\/uploads\/2026\/03\/image-1024x141.png\" alt=\"\" class=\"wp-image-25649\" srcset=\"https:\/\/sp22.edu.pl\/wp-content\/uploads\/2026\/03\/image-1024x141.png 1024w, https:\/\/sp22.edu.pl\/wp-content\/uploads\/2026\/03\/image-300x41.png 300w, https:\/\/sp22.edu.pl\/wp-content\/uploads\/2026\/03\/image-768x106.png 768w, https:\/\/sp22.edu.pl\/wp-content\/uploads\/2026\/03\/image-1536x212.png 1536w, https:\/\/sp22.edu.pl\/wp-content\/uploads\/2026\/03\/image.png 1545w\" sizes=\"(max-width: 1024px) 100vw, 1024px\" \/><\/figure>\n\n\n\n<p><\/p>\n\n\n\n<p>16.01.2026 r.<\/p>\n\n\n\n<p>W ramach realizowanych w szkole zaj\u0119\u0107 projektowych organizowane s\u0105 liczne wydarzenia edukacyjne, zaj\u0119cia warsztatowe oraz wyj\u015bcia dydaktyczne, kt\u00f3re umo\u017cliwiaj\u0105 uczniom poszerzanie wiedzy i rozwijanie zainteresowa\u0144.<\/p>\n\n\n\n<p>Jednym z takich wydarze\u0144 by\u0142 udzia\u0142 uczni\u00f3w naszej szko\u0142y w <strong>\u201eNocy Biolog\u00f3w\u201d<\/strong> pod has\u0142em <em>\u201eBiologia pe\u0142na sygna\u0142\u00f3w \u2013 odkryj, jak m\u00f3wi \u017cycie\u201d<\/em>, kt\u00f3ra odby\u0142a si\u0119 <strong>16 stycznia 2026 r. na Uniwersytecie \u015al\u0105skim w Katowicach<\/strong>. Wydarzenie zosta\u0142o zorganizowane przez Wydzia\u0142 Nauk Przyrodniczych Uniwersytetu \u015al\u0105skiego.<\/p>\n\n\n\n<p>Podczas spotkania uczniowie mieli mo\u017cliwo\u015b\u0107 uczestniczenia w licznych <strong>warsztatach, wyk\u0142adach oraz pokazach popularnonaukowych<\/strong> prowadzonych przez naukowc\u00f3w, doktorant\u00f3w i student\u00f3w uczelni. Program wydarzenia obejmowa\u0142 r\u00f3wnie\u017c spotkania i dyskusje, kt\u00f3re pozwoli\u0142y uczestnikom lepiej pozna\u0107 wsp\u00f3\u0142czesne kierunki bada\u0144 biologicznych.<\/p>\n\n\n\n<p>Tematem przewodnim tegorocznej edycji by\u0142a komunikacja w \u015bwiecie przyrody. Uczniowie mogli dowiedzie\u0107 si\u0119, w jaki spos\u00f3b <strong>ro\u015bliny, zwierz\u0119ta, mikroorganizmy oraz ca\u0142e ekosystemy wysy\u0142aj\u0105, odbieraj\u0105 i interpretuj\u0105 r\u00f3\u017cnorodne sygna\u0142y \u2013 chemiczne, elektryczne, \u015bwietlne i akustyczne<\/strong>. Zaprezentowano tak\u017ce, w jaki spos\u00f3b wsp\u00f3\u0142czesna biologia potrafi te sygna\u0142y rejestrowa\u0107, analizowa\u0107 oraz wykorzystywa\u0107 w praktyce naukowej i badawczej.<\/p>\n\n\n\n<p>Udzia\u0142 w wydarzeniu by\u0142 dla uczni\u00f3w cenn\u0105 okazj\u0105 do bezpo\u015bredniego kontaktu ze \u015brodowiskiem akademickim oraz do rozwijania zainteresowa\u0144 przyrodniczych.<\/p>\n\n\n\n<p><\/p>\n\n\n\n<figure class=\"wp-block-image size-full\"><img loading=\"lazy\" decoding=\"async\" width=\"1024\" height=\"141\" src=\"https:\/\/sp22.edu.pl\/wp-content\/uploads\/2026\/03\/image-2.png\" alt=\"\" class=\"wp-image-25653\" srcset=\"https:\/\/sp22.edu.pl\/wp-content\/uploads\/2026\/03\/image-2.png 1024w, https:\/\/sp22.edu.pl\/wp-content\/uploads\/2026\/03\/image-2-300x41.png 300w, https:\/\/sp22.edu.pl\/wp-content\/uploads\/2026\/03\/image-2-768x106.png 768w\" sizes=\"(max-width: 1024px) 100vw, 1024px\" \/><\/figure>\n\n\n\n<p><\/p>\n","protected":false},"excerpt":{"rendered":"<p>FORMULARZ ZG\u0141OSZENIOWY OS\u00d3B FIZYCZNYCH Klauzula informacyjna RODO Lidera Projektu Klauzula informacyjna RODO Rudzkiej Agencji Rozwoju \u201eINWESTOR\u201d sp. z o.o. Formularz klauzuli informacyjnej: Informacje dotycz\u0105ce przetwarzania danych osobowych dla uczestnik\u00f3w projekt\u00f3w REZYGNACJA Z UCZESTNICTWA W PROJEKCIE PRO\u015aBA O PRZYWR\u00d3CENIE DO PROJEKTU UMOWA Z NAUCZYCIELEM\/NAUCZYCIELK\u0104 O\u015aWIADCZENIE RODZICA\/ OPIEKUNA PRAWNEGO UCZNIA Informujemy, \u017ce nasza szko\u0142a od 11.2025 r. [&hellip;]<\/p>\n","protected":false},"author":14,"featured_media":0,"parent":0,"menu_order":0,"comment_status":"closed","ping_status":"closed","template":"","meta":{"ngg_post_thumbnail":0,"footnotes":""},"class_list":["post-25126","page","type-page","status-publish","hentry"],"_links":{"self":[{"href":"https:\/\/sp22.edu.pl\/index.php?rest_route=\/wp\/v2\/pages\/25126"}],"collection":[{"href":"https:\/\/sp22.edu.pl\/index.php?rest_route=\/wp\/v2\/pages"}],"about":[{"href":"https:\/\/sp22.edu.pl\/index.php?rest_route=\/wp\/v2\/types\/page"}],"author":[{"embeddable":true,"href":"https:\/\/sp22.edu.pl\/index.php?rest_route=\/wp\/v2\/users\/14"}],"replies":[{"embeddable":true,"href":"https:\/\/sp22.edu.pl\/index.php?rest_route=%2Fwp%2Fv2%2Fcomments&post=25126"}],"version-history":[{"count":4,"href":"https:\/\/sp22.edu.pl\/index.php?rest_route=\/wp\/v2\/pages\/25126\/revisions"}],"predecessor-version":[{"id":25654,"href":"https:\/\/sp22.edu.pl\/index.php?rest_route=\/wp\/v2\/pages\/25126\/revisions\/25654"}],"wp:attachment":[{"href":"https:\/\/sp22.edu.pl\/index.php?rest_route=%2Fwp%2Fv2%2Fmedia&parent=25126"}],"curies":[{"name":"wp","href":"https:\/\/api.w.org\/{rel}","templated":true}]}}